{"id":100,"date":"2025-10-20T14:56:31","date_gmt":"2025-10-20T14:56:31","guid":{"rendered":"http:\/\/sasfsaimmo-tgpnh.wordpress.com\/?page_id=1"},"modified":"2026-09-03T14:47:45","modified_gmt":"2026-09-03T14:47:45","slug":"le-loire-2","status":"publish","type":"page","link":"https:\/\/www.entre-loire-vignes.com\/index.php\/le-loire-2\/","title":{"rendered":"LE LOIRE"},"content":{"rendered":"\n<p class=\"has-text-align-center has-quaternary-color has-tertiary-background-color has-text-color has-background has-link-color wp-elements-1 wp-block-paragraph\" style=\"font-size:clamp(39.538px, 2.471rem + ((1vw - 3.2px) * 4.203), 74px);\">LE LOIRE<\/p>\n\n\n\n<figure class=\"wp-block-gallery has-nested-images columns-default is-cropped wp-block-gallery-1 is-layout-flex wp-block-gallery-is-layout-flex\">\n<figure class=\"wp-block-image size-large\"><img loading=\"lazy\" decoding=\"async\" width=\"1024\" height=\"683\" data-id=\"61\" src=\"https:\/\/bwzbwyn.cluster121.hosting.ovh.net\/wp-content\/uploads\/2026\/03\/locatifs-st-julien-de-concelles-6-1-1024x683.jpg\" alt=\"\" class=\"wp-image-61\" srcset=\"https:\/\/www.entre-loire-vignes.com\/wp-content\/uploads\/2026\/03\/locatifs-st-julien-de-concelles-6-1-1024x683.jpg 1024w, https:\/\/www.entre-loire-vignes.com\/wp-content\/uploads\/2026\/03\/locatifs-st-julien-de-concelles-6-1-300x200.jpg 300w, https:\/\/www.entre-loire-vignes.com\/wp-content\/uploads\/2026\/03\/locatifs-st-julien-de-concelles-6-1-768x512.jpg 768w, https:\/\/www.entre-loire-vignes.com\/wp-content\/uploads\/2026\/03\/locatifs-st-julien-de-concelles-6-1-1536x1024.jpg 1536w, https:\/\/www.entre-loire-vignes.com\/wp-content\/uploads\/2026\/03\/locatifs-st-julien-de-concelles-6-1-2048x1366.jpg 2048w\" sizes=\"auto, (max-width: 1024px) 100vw, 1024px\" \/><\/figure>\n\n\n\n<figure class=\"wp-block-image size-large\"><img loading=\"lazy\" decoding=\"async\" width=\"1024\" height=\"683\" data-id=\"62\" src=\"https:\/\/bwzbwyn.cluster121.hosting.ovh.net\/wp-content\/uploads\/2026\/03\/locatifs-st-julien-de-concelles-15-1024x683.jpg\" alt=\"\" class=\"wp-image-62\" srcset=\"https:\/\/www.entre-loire-vignes.com\/wp-content\/uploads\/2026\/03\/locatifs-st-julien-de-concelles-15-1024x683.jpg 1024w, https:\/\/www.entre-loire-vignes.com\/wp-content\/uploads\/2026\/03\/locatifs-st-julien-de-concelles-15-300x200.jpg 300w, https:\/\/www.entre-loire-vignes.com\/wp-content\/uploads\/2026\/03\/locatifs-st-julien-de-concelles-15-768x512.jpg 768w, https:\/\/www.entre-loire-vignes.com\/wp-content\/uploads\/2026\/03\/locatifs-st-julien-de-concelles-15-1536x1024.jpg 1536w, https:\/\/www.entre-loire-vignes.com\/wp-content\/uploads\/2026\/03\/locatifs-st-julien-de-concelles-15-2048x1366.jpg 2048w\" sizes=\"auto, (max-width: 1024px) 100vw, 1024px\" \/><\/figure>\n\n\n\n<figure class=\"wp-block-image size-large\"><img loading=\"lazy\" decoding=\"async\" width=\"683\" height=\"1024\" data-id=\"63\" src=\"https:\/\/bwzbwyn.cluster121.hosting.ovh.net\/wp-content\/uploads\/2026\/03\/locatifs-st-julien-de-concelles-16-683x1024.jpg\" alt=\"\" class=\"wp-image-63\" srcset=\"https:\/\/www.entre-loire-vignes.com\/wp-content\/uploads\/2026\/03\/locatifs-st-julien-de-concelles-16-683x1024.jpg 683w, https:\/\/www.entre-loire-vignes.com\/wp-content\/uploads\/2026\/03\/locatifs-st-julien-de-concelles-16-200x300.jpg 200w, https:\/\/www.entre-loire-vignes.com\/wp-content\/uploads\/2026\/03\/locatifs-st-julien-de-concelles-16-768x1152.jpg 768w, https:\/\/www.entre-loire-vignes.com\/wp-content\/uploads\/2026\/03\/locatifs-st-julien-de-concelles-16-1024x1536.jpg 1024w, https:\/\/www.entre-loire-vignes.com\/wp-content\/uploads\/2026\/03\/locatifs-st-julien-de-concelles-16-1366x2048.jpg 1366w, https:\/\/www.entre-loire-vignes.com\/wp-content\/uploads\/2026\/03\/locatifs-st-julien-de-concelles-16-scaled.jpg 1707w\" sizes=\"auto, (max-width: 683px) 100vw, 683px\" \/><\/figure>\n\n\n\n<figure class=\"wp-block-image size-large\"><img loading=\"lazy\" decoding=\"async\" width=\"683\" height=\"1024\" data-id=\"64\" src=\"https:\/\/bwzbwyn.cluster121.hosting.ovh.net\/wp-content\/uploads\/2026\/03\/locatifs-st-julien-de-concelles-19-683x1024.jpg\" alt=\"\" class=\"wp-image-64\" srcset=\"https:\/\/www.entre-loire-vignes.com\/wp-content\/uploads\/2026\/03\/locatifs-st-julien-de-concelles-19-683x1024.jpg 683w, https:\/\/www.entre-loire-vignes.com\/wp-content\/uploads\/2026\/03\/locatifs-st-julien-de-concelles-19-200x300.jpg 200w, https:\/\/www.entre-loire-vignes.com\/wp-content\/uploads\/2026\/03\/locatifs-st-julien-de-concelles-19-768x1152.jpg 768w, https:\/\/www.entre-loire-vignes.com\/wp-content\/uploads\/2026\/03\/locatifs-st-julien-de-concelles-19-1024x1536.jpg 1024w, https:\/\/www.entre-loire-vignes.com\/wp-content\/uploads\/2026\/03\/locatifs-st-julien-de-concelles-19-1366x2048.jpg 1366w, https:\/\/www.entre-loire-vignes.com\/wp-content\/uploads\/2026\/03\/locatifs-st-julien-de-concelles-19-scaled.jpg 1707w\" sizes=\"auto, (max-width: 683px) 100vw, 683px\" \/><\/figure>\n\n\n\n<figure class=\"wp-block-image size-large\"><img loading=\"lazy\" decoding=\"async\" width=\"1024\" height=\"683\" data-id=\"65\" src=\"https:\/\/bwzbwyn.cluster121.hosting.ovh.net\/wp-content\/uploads\/2026\/03\/locatifs-st-julien-de-concelles-17-1024x683.jpg\" alt=\"\" class=\"wp-image-65\" srcset=\"https:\/\/www.entre-loire-vignes.com\/wp-content\/uploads\/2026\/03\/locatifs-st-julien-de-concelles-17-1024x683.jpg 1024w, https:\/\/www.entre-loire-vignes.com\/wp-content\/uploads\/2026\/03\/locatifs-st-julien-de-concelles-17-300x200.jpg 300w, https:\/\/www.entre-loire-vignes.com\/wp-content\/uploads\/2026\/03\/locatifs-st-julien-de-concelles-17-768x512.jpg 768w, https:\/\/www.entre-loire-vignes.com\/wp-content\/uploads\/2026\/03\/locatifs-st-julien-de-concelles-17-1536x1024.jpg 1536w, https:\/\/www.entre-loire-vignes.com\/wp-content\/uploads\/2026\/03\/locatifs-st-julien-de-concelles-17-2048x1366.jpg 2048w\" sizes=\"auto, (max-width: 1024px) 100vw, 1024px\" \/><\/figure>\n\n\n\n<figure class=\"wp-block-image size-large\"><img loading=\"lazy\" decoding=\"async\" width=\"683\" height=\"1024\" data-id=\"66\" src=\"https:\/\/bwzbwyn.cluster121.hosting.ovh.net\/wp-content\/uploads\/2026\/03\/locatifs-st-julien-de-concelles-53-1-683x1024.jpg\" alt=\"\" class=\"wp-image-66\" srcset=\"https:\/\/www.entre-loire-vignes.com\/wp-content\/uploads\/2026\/03\/locatifs-st-julien-de-concelles-53-1-683x1024.jpg 683w, https:\/\/www.entre-loire-vignes.com\/wp-content\/uploads\/2026\/03\/locatifs-st-julien-de-concelles-53-1-200x300.jpg 200w, https:\/\/www.entre-loire-vignes.com\/wp-content\/uploads\/2026\/03\/locatifs-st-julien-de-concelles-53-1-768x1152.jpg 768w, https:\/\/www.entre-loire-vignes.com\/wp-content\/uploads\/2026\/03\/locatifs-st-julien-de-concelles-53-1-1024x1536.jpg 1024w, https:\/\/www.entre-loire-vignes.com\/wp-content\/uploads\/2026\/03\/locatifs-st-julien-de-concelles-53-1-1366x2048.jpg 1366w, https:\/\/www.entre-loire-vignes.com\/wp-content\/uploads\/2026\/03\/locatifs-st-julien-de-concelles-53-1-scaled.jpg 1707w\" sizes=\"auto, (max-width: 683px) 100vw, 683px\" \/><\/figure>\n\n\n\n<figure class=\"wp-block-image size-large\"><img loading=\"lazy\" decoding=\"async\" width=\"1024\" height=\"683\" data-id=\"67\" src=\"https:\/\/bwzbwyn.cluster121.hosting.ovh.net\/wp-content\/uploads\/2026\/03\/locatifs-st-julien-de-concelles-13-1024x683.jpg\" alt=\"\" class=\"wp-image-67\" srcset=\"https:\/\/www.entre-loire-vignes.com\/wp-content\/uploads\/2026\/03\/locatifs-st-julien-de-concelles-13-1024x683.jpg 1024w, https:\/\/www.entre-loire-vignes.com\/wp-content\/uploads\/2026\/03\/locatifs-st-julien-de-concelles-13-300x200.jpg 300w, https:\/\/www.entre-loire-vignes.com\/wp-content\/uploads\/2026\/03\/locatifs-st-julien-de-concelles-13-768x512.jpg 768w, https:\/\/www.entre-loire-vignes.com\/wp-content\/uploads\/2026\/03\/locatifs-st-julien-de-concelles-13-1536x1024.jpg 1536w, https:\/\/www.entre-loire-vignes.com\/wp-content\/uploads\/2026\/03\/locatifs-st-julien-de-concelles-13-2048x1366.jpg 2048w\" sizes=\"auto, (max-width: 1024px) 100vw, 1024px\" \/><\/figure>\n\n\n\n<figure class=\"wp-block-image size-large\"><img loading=\"lazy\" decoding=\"async\" width=\"1024\" height=\"683\" data-id=\"68\" src=\"https:\/\/bwzbwyn.cluster121.hosting.ovh.net\/wp-content\/uploads\/2026\/03\/locatifs-st-julien-de-concelles-51-1024x683.jpg\" alt=\"\" class=\"wp-image-68\" srcset=\"https:\/\/www.entre-loire-vignes.com\/wp-content\/uploads\/2026\/03\/locatifs-st-julien-de-concelles-51-1024x683.jpg 1024w, https:\/\/www.entre-loire-vignes.com\/wp-content\/uploads\/2026\/03\/locatifs-st-julien-de-concelles-51-300x200.jpg 300w, https:\/\/www.entre-loire-vignes.com\/wp-content\/uploads\/2026\/03\/locatifs-st-julien-de-concelles-51-768x512.jpg 768w, https:\/\/www.entre-loire-vignes.com\/wp-content\/uploads\/2026\/03\/locatifs-st-julien-de-concelles-51-1536x1024.jpg 1536w, https:\/\/www.entre-loire-vignes.com\/wp-content\/uploads\/2026\/03\/locatifs-st-julien-de-concelles-51-2048x1366.jpg 2048w\" sizes=\"auto, (max-width: 1024px) 100vw, 1024px\" \/><\/figure>\n\n\n\n<figure class=\"wp-block-image size-large\"><img loading=\"lazy\" decoding=\"async\" width=\"683\" height=\"1024\" data-id=\"70\" src=\"https:\/\/bwzbwyn.cluster121.hosting.ovh.net\/wp-content\/uploads\/2026\/03\/locatifs-st-julien-de-concelles-8-683x1024.jpg\" alt=\"\" class=\"wp-image-70\" srcset=\"https:\/\/www.entre-loire-vignes.com\/wp-content\/uploads\/2026\/03\/locatifs-st-julien-de-concelles-8-683x1024.jpg 683w, https:\/\/www.entre-loire-vignes.com\/wp-content\/uploads\/2026\/03\/locatifs-st-julien-de-concelles-8-200x300.jpg 200w, https:\/\/www.entre-loire-vignes.com\/wp-content\/uploads\/2026\/03\/locatifs-st-julien-de-concelles-8-768x1152.jpg 768w, https:\/\/www.entre-loire-vignes.com\/wp-content\/uploads\/2026\/03\/locatifs-st-julien-de-concelles-8-1024x1536.jpg 1024w, https:\/\/www.entre-loire-vignes.com\/wp-content\/uploads\/2026\/03\/locatifs-st-julien-de-concelles-8-1366x2048.jpg 1366w, https:\/\/www.entre-loire-vignes.com\/wp-content\/uploads\/2026\/03\/locatifs-st-julien-de-concelles-8-scaled.jpg 1707w\" sizes=\"auto, (max-width: 683px) 100vw, 683px\" \/><\/figure>\n<\/figure>\n\n\n\n<p class=\"wp-block-paragraph\"><strong>Appartement Loire \u2013 une escale douce au fil de l\u2019eau<\/strong><\/p>\n\n\n\n<p class=\"wp-block-paragraph\">Situ\u00e9 au <strong>1er \u00e9tage sans ascenseur<\/strong>, ce logement chaleureux, inspir\u00e9 par la Loire et la douceur de vivre de ses rives, peut accueillir jusqu\u2019\u00e0 <strong>4 personnes<\/strong> et dispose d\u2019une <strong>place de parking priv\u00e9e<\/strong>.<\/p>\n\n\n\n<p class=\"wp-block-paragraph\">L\u2019espace de vie comprend une <strong>cuisine enti\u00e8rement \u00e9quip\u00e9e<\/strong> (plaques, four, micro-ondes, r\u00e9frig\u00e9rateur, cafeti\u00e8re, bouilloire, vaisselle et ustensiles), un <strong>salon cosy<\/strong> avec canap\u00e9 convertible, <strong>TV connect\u00e9e (Molotov, Netflix, Disney+)<\/strong> et <strong>Wi-Fi haut d\u00e9bit<\/strong>, ainsi qu\u2019un <strong>coin repas pour 4 personnes<\/strong>.<\/p>\n\n\n\n<p class=\"wp-block-paragraph\">La <strong>chambre<\/strong> est \u00e9quip\u00e9e d\u2019un <strong>lit Queen Size (160&#215;200)<\/strong> avec <strong>literie de qualit\u00e9 h\u00f4teli\u00e8re<\/strong> et d\u2019un <strong>coin bureau<\/strong>, id\u00e9al pour le t\u00e9l\u00e9travail.<\/p>\n\n\n\n<p class=\"wp-block-paragraph\">La <strong>salle de bain<\/strong> dispose d\u2019une <strong>douche \u00e0 l\u2019italienne<\/strong>, WC, s\u00e8che-cheveux, serviettes et produits de base.<\/p>\n\n\n\n<p class=\"wp-block-paragraph\">Pour votre confort, nous fournissons <strong>draps, linge de toilette, savon, shampoing, papier toilette, caf\u00e9 et th\u00e9 d\u2019accueil<\/strong>, ainsi que quelques <strong>produits d\u2019entretien<\/strong>.<\/p>\n\n\n\n<p class=\"wp-block-paragraph\">Une <strong>laverie commune<\/strong> est \u00e9galement mise \u00e0 votre disposition au rez-de-chauss\u00e9e de l\u2019immeuble.<\/p>\n\n\n\n<p class=\"wp-block-paragraph\">\ud83d\udd50 <strong>Arriv\u00e9e : \u00e0 partir de 17h<\/strong><br>\ud83d\udd50 <strong>D\u00e9part : avant 11h<\/strong><\/p>\n\n\n\n<hr class=\"wp-block-separator has-alpha-channel-opacity\"\/>\n\n\n\n<p class=\"wp-block-paragraph\"><\/p>\n","protected":false},"excerpt":{"rendered":"<p>LE LOIRE Appartement Loire \u2013 une escale douce au fil de l\u2019eau Situ\u00e9 au 1er \u00e9tage sans ascenseur, ce logement chaleureux, inspir\u00e9 par la Loire et la douceur de vivre de ses rives, peut accueillir jusqu\u2019\u00e0 4 personnes et dispose d\u2019une place de parking priv\u00e9e. L\u2019espace de vie comprend une cuisine enti\u00e8rement \u00e9quip\u00e9e (plaques, four, [&hellip;]<\/p>\n","protected":false},"author":1,"featured_media":0,"parent":0,"menu_order":0,"comment_status":"closed","ping_status":"closed","template":"","meta":{"footnotes":""},"class_list":["post-100","page","type-page","status-publish","hentry"],"_links":{"self":[{"href":"https:\/\/www.entre-loire-vignes.com\/index.php\/wp-json\/wp\/v2\/pages\/100","targetHints":{"allow":["GET"]}}],"collection":[{"href":"https:\/\/www.entre-loire-vignes.com\/index.php\/wp-json\/wp\/v2\/pages"}],"about":[{"href":"https:\/\/www.entre-loire-vignes.com\/index.php\/wp-json\/wp\/v2\/types\/page"}],"author":[{"embeddable":true,"href":"https:\/\/www.entre-loire-vignes.com\/index.php\/wp-json\/wp\/v2\/users\/1"}],"replies":[{"embeddable":true,"href":"https:\/\/www.entre-loire-vignes.com\/index.php\/wp-json\/wp\/v2\/comments?post=100"}],"version-history":[{"count":7,"href":"https:\/\/www.entre-loire-vignes.com\/index.php\/wp-json\/wp\/v2\/pages\/100\/revisions"}],"predecessor-version":[{"id":294,"href":"https:\/\/www.entre-loire-vignes.com\/index.php\/wp-json\/wp\/v2\/pages\/100\/revisions\/294"}],"wp:attachment":[{"href":"https:\/\/www.entre-loire-vignes.com\/index.php\/wp-json\/wp\/v2\/media?parent=100"}],"curies":[{"name":"wp","href":"https:\/\/api.w.org\/{rel}","templated":true}]}}